{"id":6,"date":"2020-02-26T20:57:57","date_gmt":"2020-02-26T19:57:57","guid":{"rendered":"https:\/\/www.ferancik.sk\/?page_id=6"},"modified":"2024-10-24T09:40:02","modified_gmt":"2024-10-24T07:40:02","slug":"home","status":"publish","type":"page","link":"https:\/\/www.spravaciest.sk\/hu\/","title":{"rendered":"Domov"},"content":{"rendered":"<div class=\"fusion-fullwidth fullwidth-box fusion-builder-row-1 nonhundred-percent-fullwidth non-hundred-percent-height-scrolling\" style=\"--awb-border-radius-top-left:0px;--awb-border-radius-top-right:0px;--awb-border-radius-bottom-right:0px;--awb-border-radius-bottom-left:0px;--awb-flex-wrap:wrap;\" ><div class=\"fusion-builder-row fusion-row\"><div class=\"fusion-layout-column fusion_builder_column fusion-builder-column-0 fusion_builder_column_2_5 2_5 fusion-two-fifth fusion-column-first\" style=\"--awb-padding-top:20px;--awb-padding-right:20px;--awb-padding-bottom:20px;--awb-padding-left:0px;--awb-bg-image:linear-gradient(90deg, #ffffff 25%,#f4f4f4 100%);--awb-bg-size:cover;--awb-box-shadow: 0px 0px ;;width:40%;width:calc(40% - ( ( 4% ) * 0.4 ) );margin-right: 4%;\"><div class=\"fusion-column-wrapper fusion-column-has-shadow fusion-flex-column-wrapper-legacy\"><div class=\"fusion-fa-align-left\"><i class=\"fb-icon-element-1 fb-icon-element fontawesome-icon fa-user-clock fas circle-no\" style=\"--awb-iconcolor:#1c75bc;--awb-iconcolor-hover:#1c75bc;--awb-font-size:24px;--awb-margin-right:12px;\"><\/i><\/div><div class=\"fusion-title title fusion-title-1 fusion-title-text fusion-title-size-three\"><h3 class=\"fusion-title-heading title-heading-left\" style=\"margin:0;\"><p style=\"text-align: left;\">DISPE\u010cING\u00a0 24\/7<\/p><\/h3><span class=\"awb-title-spacer\"><\/span><div class=\"title-sep-container\"><div class=\"title-sep sep-double sep-solid\" style=\"border-color:#e2e2e2;\"><\/div><\/div><\/div><div class=\"fusion-tabs fusion-tabs-1 classic vertical-tabs icon-position-left mobile-mode-accordion\" style=\"--awb-title-border-radius-top-left:0px;--awb-title-border-radius-top-right:0px;--awb-title-border-radius-bottom-right:0px;--awb-title-border-radius-bottom-left:0px;--awb-alignment:start;--awb-inactive-color:#e2e2e2;--awb-background-color:#ffffff;--awb-border-color:#e2e2e2;--awb-active-border-color:#65bc7b;\"><div class=\"nav\"><ul class=\"nav-tabs\" role=\"tablist\"><li class=\"active\" role=\"presentation\"><a class=\"tab-link\" data-toggle=\"tab\" role=\"tab\" aria-controls=\"tab-21ec316f4d60654cce2\" aria-selected=\"true\" id=\"fusion-tab-trnava\" href=\"#tab-21ec316f4d60654cce2\"><h4 class=\"fusion-tab-heading\">Trnava<\/h4><\/a><\/li><li role=\"presentation\"><a class=\"tab-link\" data-toggle=\"tab\" role=\"tab\" aria-controls=\"tab-7668feb83f6bb2b6537\" aria-selected=\"false\" tabindex=\"-1\" id=\"fusion-tab-dunajsk\u00e1streda\" href=\"#tab-7668feb83f6bb2b6537\"><h4 class=\"fusion-tab-heading\">Dunajsk\u00e1 streda<\/h4><\/a><\/li><li role=\"presentation\"><a class=\"tab-link\" data-toggle=\"tab\" role=\"tab\" aria-controls=\"tab-78547badd771d195d35\" aria-selected=\"false\" tabindex=\"-1\" id=\"fusion-tab-senica\" href=\"#tab-78547badd771d195d35\"><h4 class=\"fusion-tab-heading\">Senica<\/h4><\/a><\/li><\/ul><\/div><div class=\"tab-content\"><div class=\"nav fusion-mobile-tab-nav\"><ul class=\"nav-tabs\" role=\"tablist\"><li class=\"active\" role=\"presentation\"><a class=\"tab-link\" data-toggle=\"tab\" role=\"tab\" aria-controls=\"tab-21ec316f4d60654cce2\" aria-selected=\"true\" id=\"mobile-fusion-tab-trnava\" href=\"#tab-21ec316f4d60654cce2\"><h4 class=\"fusion-tab-heading\">Trnava<\/h4><\/a><\/li><\/ul><\/div><div class=\"tab-pane fade fusion-clearfix in active\" role=\"tabpanel\" tabindex=\"0\" aria-labelledby=\"fusion-tab-trnava\" id=\"tab-21ec316f4d60654cce2\">\n<p>Bulharsk\u00e1 39<br \/>\n<strong>tel.:<\/strong> 033 \/ 5531 344<\/p>\n<\/div><div class=\"nav fusion-mobile-tab-nav\"><ul class=\"nav-tabs\" role=\"tablist\"><li role=\"presentation\"><a class=\"tab-link\" data-toggle=\"tab\" role=\"tab\" aria-controls=\"tab-7668feb83f6bb2b6537\" aria-selected=\"false\" tabindex=\"-1\" id=\"mobile-fusion-tab-dunajsk\u00e1streda\" href=\"#tab-7668feb83f6bb2b6537\"><h4 class=\"fusion-tab-heading\">Dunajsk\u00e1 streda<\/h4><\/a><\/li><\/ul><\/div><div class=\"tab-pane fade fusion-clearfix\" role=\"tabpanel\" tabindex=\"0\" aria-labelledby=\"fusion-tab-dunajsk\u00e1streda\" id=\"tab-7668feb83f6bb2b6537\">\n<p>Bratislavsk\u00e1 10<br \/>\n<strong>tel:<\/strong> 031 \/ 5522 421<\/p>\n<\/div><div class=\"nav fusion-mobile-tab-nav\"><ul class=\"nav-tabs\" role=\"tablist\"><li role=\"presentation\"><a class=\"tab-link\" data-toggle=\"tab\" role=\"tab\" aria-controls=\"tab-78547badd771d195d35\" aria-selected=\"false\" tabindex=\"-1\" id=\"mobile-fusion-tab-senica\" href=\"#tab-78547badd771d195d35\"><h4 class=\"fusion-tab-heading\">Senica<\/h4><\/a><\/li><\/ul><\/div><div class=\"tab-pane fade fusion-clearfix\" role=\"tabpanel\" tabindex=\"0\" aria-labelledby=\"fusion-tab-senica\" id=\"tab-78547badd771d195d35\">\n<p>\u017delezni\u010dn\u00e1 ul. \u010d. 356\/134<br \/>\n<strong>tel:<\/strong> 034 \/ 6512 735<\/p>\n<\/div><\/div><\/div><div class=\"fusion-fa-align-left\"><i class=\"fb-icon-element-2 fb-icon-element fontawesome-icon fa-exclamation-triangle fas circle-no\" style=\"--awb-iconcolor:#1c75bc;--awb-iconcolor-hover:#1c75bc;--awb-font-size:24px;--awb-margin-right:12px;\"><\/i><\/div><div class=\"fusion-title title fusion-title-2 fusion-title-text fusion-title-size-three\"><h3 class=\"fusion-title-heading title-heading-left\" style=\"margin:0;\"><p style=\"text-align: left;\">DOPRAVN\u00c9 OBMEDZENIA<\/p><\/h3><span class=\"awb-title-spacer\"><\/span><div class=\"title-sep-container\"><div class=\"title-sep sep-double sep-solid\" style=\"border-color:#e2e2e2;\"><\/div><\/div><\/div><div class=\"fusion-recent-posts fusion-recent-posts-1 avada-container layout-thumbnails-on-side layout-columns-1\"><section class=\"fusion-columns columns fusion-columns-1 columns-1\"><article class=\"post fusion-column column col col-lg-12 col-md-12 col-sm-12\"><div class=\"fusion-flexslider fusion-flexslider-loading flexslider floated-slideshow flexslider-hover-type-none\"><ul class=\"slides\"><li><a href=\"https:\/\/www.spravaciest.sk\/hu\/2025\/10\/20\/21-10-zaciname-s-rekonstrukciou-mosta-m7582\/\" aria-label=\"21.10. za\u010d\u00edname s rekon\u0161trukciou mosta M7582\" class=\"hover-type-none\"><img decoding=\"async\" width=\"200\" height=\"200\" src=\"https:\/\/www.spravaciest.sk\/wp-content\/uploads\/2025\/10\/Zaciatok-rekonstrukcie-M7582-200x200.png\" class=\"attachment-fusion-200 size-fusion-200 lazyload\" alt=\"\" srcset=\"data:image\/svg+xml,%3Csvg%20xmlns%3D%27http%3A%2F%2Fwww.w3.org%2F2000%2Fsvg%27%20width%3D%272560%27%20height%3D%272560%27%20viewBox%3D%270%200%202560%202560%27%3E%3Crect%20width%3D%272560%27%20height%3D%272560%27%20fill-opacity%3D%220%22%2F%3E%3C%2Fsvg%3E\" data-orig-src=\"https:\/\/www.spravaciest.sk\/wp-content\/uploads\/2025\/10\/Zaciatok-rekonstrukcie-M7582-200x200.png\" data-srcset=\"https:\/\/www.spravaciest.sk\/wp-content\/uploads\/2025\/10\/Zaciatok-rekonstrukcie-M7582-12x12.png 12w, https:\/\/www.spravaciest.sk\/wp-content\/uploads\/2025\/10\/Zaciatok-rekonstrukcie-M7582-66x66.png 66w, https:\/\/www.spravaciest.sk\/wp-content\/uploads\/2025\/10\/Zaciatok-rekonstrukcie-M7582-150x150.png 150w, https:\/\/www.spravaciest.sk\/wp-content\/uploads\/2025\/10\/Zaciatok-rekonstrukcie-M7582-200x200.png 200w, https:\/\/www.spravaciest.sk\/wp-content\/uploads\/2025\/10\/Zaciatok-rekonstrukcie-M7582-300x300.png 300w, https:\/\/www.spravaciest.sk\/wp-content\/uploads\/2025\/10\/Zaciatok-rekonstrukcie-M7582-400x400.png 400w, https:\/\/www.spravaciest.sk\/wp-content\/uploads\/2025\/10\/Zaciatok-rekonstrukcie-M7582-600x600.png 600w, https:\/\/www.spravaciest.sk\/wp-content\/uploads\/2025\/10\/Zaciatok-rekonstrukcie-M7582-768x768.png 768w, https:\/\/www.spravaciest.sk\/wp-content\/uploads\/2025\/10\/Zaciatok-rekonstrukcie-M7582-800x800.png 800w, https:\/\/www.spravaciest.sk\/wp-content\/uploads\/2025\/10\/Zaciatok-rekonstrukcie-M7582-1024x1024.png 1024w, https:\/\/www.spravaciest.sk\/wp-content\/uploads\/2025\/10\/Zaciatok-rekonstrukcie-M7582-1200x1200.png 1200w, https:\/\/www.spravaciest.sk\/wp-content\/uploads\/2025\/10\/Zaciatok-rekonstrukcie-M7582-1536x1536.png 1536w\" data-sizes=\"auto\" \/><\/a><\/li><\/ul><\/div><div class=\"recent-posts-content\"><span class=\"vcard\" style=\"display: none;\"><span class=\"fn\"><a href=\"https:\/\/www.spravaciest.sk\/hu\/author\/lukas-zachar\/\" title=\"Luk\u00e1\u0161 Zachar bejegyz\u00e9se\" rel=\"author\">Luk\u00e1\u0161 Zachar<\/a><\/span><\/span><span class=\"updated\" style=\"display:none;\">2025-10-21T09:22:13+02:00<\/span><h4 class=\"entry-title\"><a href=\"https:\/\/www.spravaciest.sk\/hu\/2025\/10\/20\/21-10-zaciname-s-rekonstrukciou-mosta-m7582\/\">21.10. za\u010d\u00edname s rekon\u0161trukciou mosta M7582<\/a><\/h4><p class=\"meta\"><span class=\"vcard\" style=\"display: none;\"><span class=\"fn\"><a href=\"https:\/\/www.spravaciest.sk\/hu\/author\/lukas-zachar\/\" title=\"Luk\u00e1\u0161 Zachar bejegyz\u00e9se\" rel=\"author\">Luk\u00e1\u0161 Zachar<\/a><\/span><\/span><span class=\"updated\" style=\"display:none;\">2025-10-21T09:22:13+02:00<\/span><span>okt\u00f3ber 20th, 2025<\/span><span class=\"fusion-inline-sep\">|<\/span><\/p><p>Za\u010d\u00edname s rekon\u0161trukciou mosta M7582 na ceste III\/1397 medzi obcami Doln\u00fd Bar a Trhov\u00e1 Hradsk\u00e1. Pr\u00e1ce bud\u00fa zah\u0155\u0148a\u0165 v\u00fdstavbu novej nosnej kon\u0161trukcie, mostn\u00e9ho zvr\u0161ku a  [...]<\/p><\/div><\/article><article class=\"post fusion-column column col col-lg-12 col-md-12 col-sm-12\"><div class=\"fusion-flexslider fusion-flexslider-loading flexslider floated-slideshow flexslider-hover-type-none\"><ul class=\"slides\"><li><a href=\"https:\/\/www.spravaciest.sk\/hu\/2025\/10\/14\/zaciatok-rekonstrukcie-iii-1160-podzamok-majernicky\/\" aria-label=\"Za\u010diatok rekon\u0161trukcie III\/1160 &#8211; Podz\u00e1mok-Majern\u00ed\u010dky\" class=\"hover-type-none\"><img decoding=\"async\" width=\"200\" height=\"200\" src=\"https:\/\/www.spravaciest.sk\/wp-content\/uploads\/2025\/10\/Zaciatok-rekonstrukcie-Podzamok-Majernicky-01-200x200.jpg\" class=\"attachment-fusion-200 size-fusion-200 lazyload\" alt=\"\" srcset=\"data:image\/svg+xml,%3Csvg%20xmlns%3D%27http%3A%2F%2Fwww.w3.org%2F2000%2Fsvg%27%20width%3D%272560%27%20height%3D%272560%27%20viewBox%3D%270%200%202560%202560%27%3E%3Crect%20width%3D%272560%27%20height%3D%272560%27%20fill-opacity%3D%220%22%2F%3E%3C%2Fsvg%3E\" data-orig-src=\"https:\/\/www.spravaciest.sk\/wp-content\/uploads\/2025\/10\/Zaciatok-rekonstrukcie-Podzamok-Majernicky-01-200x200.jpg\" data-srcset=\"https:\/\/www.spravaciest.sk\/wp-content\/uploads\/2025\/10\/Zaciatok-rekonstrukcie-Podzamok-Majernicky-01-12x12.jpg 12w, https:\/\/www.spravaciest.sk\/wp-content\/uploads\/2025\/10\/Zaciatok-rekonstrukcie-Podzamok-Majernicky-01-66x66.jpg 66w, https:\/\/www.spravaciest.sk\/wp-content\/uploads\/2025\/10\/Zaciatok-rekonstrukcie-Podzamok-Majernicky-01-150x150.jpg 150w, https:\/\/www.spravaciest.sk\/wp-content\/uploads\/2025\/10\/Zaciatok-rekonstrukcie-Podzamok-Majernicky-01-200x200.jpg 200w, https:\/\/www.spravaciest.sk\/wp-content\/uploads\/2025\/10\/Zaciatok-rekonstrukcie-Podzamok-Majernicky-01-300x300.jpg 300w, https:\/\/www.spravaciest.sk\/wp-content\/uploads\/2025\/10\/Zaciatok-rekonstrukcie-Podzamok-Majernicky-01-400x400.jpg 400w, https:\/\/www.spravaciest.sk\/wp-content\/uploads\/2025\/10\/Zaciatok-rekonstrukcie-Podzamok-Majernicky-01-600x600.jpg 600w, https:\/\/www.spravaciest.sk\/wp-content\/uploads\/2025\/10\/Zaciatok-rekonstrukcie-Podzamok-Majernicky-01-768x768.jpg 768w, https:\/\/www.spravaciest.sk\/wp-content\/uploads\/2025\/10\/Zaciatok-rekonstrukcie-Podzamok-Majernicky-01-800x800.jpg 800w, https:\/\/www.spravaciest.sk\/wp-content\/uploads\/2025\/10\/Zaciatok-rekonstrukcie-Podzamok-Majernicky-01-1024x1024.jpg 1024w, https:\/\/www.spravaciest.sk\/wp-content\/uploads\/2025\/10\/Zaciatok-rekonstrukcie-Podzamok-Majernicky-01-1200x1200.jpg 1200w, https:\/\/www.spravaciest.sk\/wp-content\/uploads\/2025\/10\/Zaciatok-rekonstrukcie-Podzamok-Majernicky-01-1536x1536.jpg 1536w\" data-sizes=\"auto\" \/><\/a><\/li><\/ul><\/div><div class=\"recent-posts-content\"><span class=\"vcard\" style=\"display: none;\"><span class=\"fn\"><a href=\"https:\/\/www.spravaciest.sk\/hu\/author\/lukas-zachar\/\" title=\"Luk\u00e1\u0161 Zachar bejegyz\u00e9se\" rel=\"author\">Luk\u00e1\u0161 Zachar<\/a><\/span><\/span><span class=\"updated\" style=\"display:none;\">2025-10-20T14:19:10+02:00<\/span><h4 class=\"entry-title\"><a href=\"https:\/\/www.spravaciest.sk\/hu\/2025\/10\/14\/zaciatok-rekonstrukcie-iii-1160-podzamok-majernicky\/\">Za\u010diatok rekon\u0161trukcie III\/1160 &#8211; Podz\u00e1mok-Majern\u00ed\u010dky<\/a><\/h4><p class=\"meta\"><span class=\"vcard\" style=\"display: none;\"><span class=\"fn\"><a href=\"https:\/\/www.spravaciest.sk\/hu\/author\/lukas-zachar\/\" title=\"Luk\u00e1\u0161 Zachar bejegyz\u00e9se\" rel=\"author\">Luk\u00e1\u0161 Zachar<\/a><\/span><\/span><span class=\"updated\" style=\"display:none;\">2025-10-20T14:19:10+02:00<\/span><span>okt\u00f3ber 14th, 2025<\/span><span class=\"fusion-inline-sep\">|<\/span><\/p><p>D\u0148a 15. okt\u00f3bra 2025 sa za\u010dne rekon\u0161trukcia cesty III\/1160 v \u00faseku medzi obcami Podz\u00e1mok a Majer\u00ed\u010dky v okrese Senica s celkovou d\u013a\u017ekou 3,28 km. V\u010faka  [...]<\/p><\/div><\/article><\/section><\/div><div class=\"fusion-alignright\"><a class=\"fusion-button button-flat button-small button-default fusion-button-default button-1 fusion-button-default-span fusion-button-default-type\" style=\"--button-border-radius-top-left:3px;--button-border-radius-top-right:3px;--button-border-radius-bottom-right:3px;--button-border-radius-bottom-left:3px;\" target=\"_self\" href=\"https:\/\/www.spravaciest.sk\/category\/dopravne-obmedzenia\/\"><span class=\"fusion-button-text awb-button__text awb-button__text--default\">\u010eal\u0161ie dopravn\u00e9 obmedzenia &#8230;<\/span><\/a><\/div><div class=\"fusion-sep-clear\"><\/div><div class=\"fusion-separator fusion-full-width-sep\" style=\"margin-left: auto;margin-right: auto;margin-top:30px;margin-bottom:30px;width:100%;\"><\/div><div class=\"fusion-sep-clear\"><\/div><div class=\"fusion-sep-clear\"><\/div><div class=\"fusion-separator fusion-full-width-sep\" style=\"margin-left: auto;margin-right: auto;width:100%;\"><\/div><div class=\"fusion-sep-clear\"><\/div><div class=\"fusion-fa-align-left\"><i class=\"fb-icon-element-3 fb-icon-element fontawesome-icon fa-road fas circle-no\" style=\"--awb-iconcolor:#1c75bc;--awb-iconcolor-hover:#1c75bc;--awb-font-size:24px;--awb-margin-right:12px;\"><\/i><\/div><div class=\"fusion-title title fusion-title-3 fusion-title-text fusion-title-size-three\"><h3 class=\"fusion-title-heading title-heading-left\" style=\"margin:0;\"><p style=\"text-align: left;\">ZJAZDNOS\u0164 CIEST<\/p><\/h3><span class=\"awb-title-spacer\"><\/span><div class=\"title-sep-container\"><div class=\"title-sep sep-double sep-solid\" style=\"border-color:#e2e2e2;\"><\/div><\/div><\/div><div class=\"fusion-reading-box-container reading-box-container-1\" style=\"--awb-title-color:#212934;--awb-margin-top:0px;--awb-margin-bottom:40px;\"><div class=\"reading-box\" style=\"background-color:#f9f9fb;border-width:1px;border-color:rgba(226,226,226,0);border-left-width:3px;border-left-color:var(--primary_color);border-style:solid;\"><div class=\"reading-box-description\">Aktu\u00e1lne inform\u00e1cie o zjazdnosti ciest na<\/div><div class=\"reading-box-additional\"><a href=\"https:\/\/www.zjazdnost.sk\/map\/view.html\" target=\"_blank\" rel=\"noopener noreferrer\">www.zjazdnost.sk<\/a><\/p>\n<p><a href=\"\/\/www.imeteo.sk\/\" target=\"_blank\" rel=\"noopener noreferrer\"><img class=\"lazyload\" decoding=\"async\" title=\"\" src=\"data:image\/gif;base64,R0lGODlhAQABAAAAACH5BAEKAAEALAAAAAABAAEAAAICTAEAOw==\" data-orig-src=\"\/\/www.imeteo.sk\/images\/forecast_widget\/row\/2469-4.png\" alt=\"\" \/><\/a><\/div><div class=\"fusion-clearfix\"><\/div><\/div><\/div><div class=\"fusion-fa-align-left\"><i class=\"fb-icon-element-4 fb-icon-element fontawesome-icon fa-route fas circle-no\" style=\"--awb-iconcolor:#1c75bc;--awb-iconcolor-hover:#1c75bc;--awb-font-size:24px;\"><\/i><\/div><div class=\"fusion-title title fusion-title-4 fusion-title-text fusion-title-size-three\" style=\"--awb-margin-top:0px;\"><h3 class=\"fusion-title-heading title-heading-left\" style=\"margin:0;\"><p style=\"text-align: left;\">\u00a0 REKON\u0160TRUKCIE CIEST A MOSTOV<\/p><\/h3><span class=\"awb-title-spacer\"><\/span><div class=\"title-sep-container\"><div class=\"title-sep sep-double sep-solid\" style=\"border-color:#e2e2e2;\"><\/div><\/div><\/div><iframe src=\"https:\/\/www.google.com\/maps\/d\/embed?mid=1Wtx92ERgC4j72q-bJw8QFrgufxvhSn4&ehbc=2E312F\" width=\"400\" height=\"650\"><\/iframe><div class=\"fusion-clearfix\"><\/div><\/div><\/div><div class=\"fusion-layout-column fusion_builder_column fusion-builder-column-1 fusion_builder_column_3_5 3_5 fusion-three-fifth fusion-column-last\" style=\"--awb-bg-size:cover;width:60%;width:calc(60% - ( ( 4% ) * 0.6 ) );\"><div class=\"fusion-column-wrapper fusion-column-has-shadow fusion-flex-column-wrapper-legacy\"><div class=\"fusion-fa-align-left\"><i class=\"fb-icon-element-5 fb-icon-element fontawesome-icon fa-rss fas circle-no\" style=\"--awb-iconcolor:#1c75bc;--awb-iconcolor-hover:#1c75bc;--awb-font-size:24px;--awb-margin-right:12px;\"><\/i><\/div><div class=\"fusion-title title fusion-title-5 fusion-title-text fusion-title-size-three\"><h3 class=\"fusion-title-heading title-heading-left\" style=\"margin:0;\"><p style=\"text-align: left;\">AKTUALITY<\/p><\/h3><span class=\"awb-title-spacer\"><\/span><div class=\"title-sep-container\"><div class=\"title-sep sep-double sep-solid\" style=\"border-color:#e2e2e2;\"><\/div><\/div><\/div><div class=\"fusion-blog-shortcode fusion-blog-shortcode-1 fusion-blog-archive fusion-blog-layout-medium fusion-blog-no\"><div class=\"fusion-posts-container fusion-posts-container-no\" data-pages=\"36\"><article id=\"blog-1-post-3960\" class=\"fusion-post-medium post-3960 post type-post status-publish format-standard hentry category-odpredaj-a-prenajom-majetku\">\n\t<style type=\"text\/css\">\n\t\t\n\t\t\n\t\t\n\t\t\n\t\t\t<\/style>\n\n\n<div class=\"fusion-post-content post-content\"><h2 class=\"blog-shortcode-post-title entry-title\"><a href=\"https:\/\/www.spravaciest.sk\/hu\/2026\/04\/24\/zamer-prenajmu-c-3-2026\/\">Z\u00e1mer pren\u00e1jmu \u010d.3\/2026<\/a><\/h2><div class=\"fusion-post-content-container\"><p>S\u00daC TTSK v zmysle\u00a0 z\u00e1kona\u00a0 \u010d. 446\/2001 Z.z. zverej\u0148uje z\u00e1mer \u010d. 3\/2026 priameho pren\u00e1jmu majetku TTSK, v spr\u00e1ve Spr\u00e1vy a \u00fadr\u017eby ciest TTSK, ktor\u00fdm s\u00fa a) pozemky parc.reg. \u201eC\u201c parc.\u010d. 1502\/3 zastavan\u00e1 plocha a\u00a0n\u00e1dvorie o\u00a0v\u00fdmere 2905 m2 \u00a0a\u00a0parc.\u010d. 1611\/2 zastavan\u00e1 plocha a\u00a0n\u00e1dvorie o\u00a0v\u00fdmere 318 m2 nach\u00e1dzaj\u00face sa v k.\u00fa.\u00a0 \u00a0  [...]<\/p><\/div><\/div><div class=\"fusion-clearfix\"><\/div><div class=\"fusion-meta-info\"><div class=\"fusion-alignleft\"><span class=\"vcard\" style=\"display: none;\"><span class=\"fn\"><a href=\"https:\/\/www.spravaciest.sk\/hu\/author\/admin\/\" title=\"admin bejegyz\u00e9se\" rel=\"author\">admin<\/a><\/span><\/span><span class=\"updated\" style=\"display:none;\">2026-04-24T11:03:34+02:00<\/span><span>\u00e1prilis 24th, 2026<\/span><span class=\"fusion-inline-sep\">|<\/span><a href=\"https:\/\/www.spravaciest.sk\/hu\/category\/odpredaj-a-prenajom-majetku\/\" rel=\"category tag\">Odpredaj a pren\u00e1jom majetku<\/a><span class=\"fusion-inline-sep\">|<\/span><\/div><div class=\"fusion-alignright\"><a class=\"fusion-read-more\" href=\"https:\/\/www.spravaciest.sk\/hu\/2026\/04\/24\/zamer-prenajmu-c-3-2026\/\" aria-label=\"More on Z\u00e1mer pren\u00e1jmu \u010d.3\/2026\">Read More<\/a><\/div><\/div><\/article>\n<article id=\"blog-1-post-3952\" class=\"fusion-post-medium post-3952 post type-post status-publish format-standard hentry category-odpredaj-a-prenajom-majetku\">\n\t<style type=\"text\/css\">\n\t\t\n\t\t\n\t\t\n\t\t\n\t\t\t<\/style>\n\n\n<div class=\"fusion-post-content post-content\"><h2 class=\"blog-shortcode-post-title entry-title\"><a href=\"https:\/\/www.spravaciest.sk\/hu\/2026\/03\/16\/zamer-c-2-2026\/\">Z\u00e1mer \u010d.2\/2026<\/a><\/h2><div class=\"fusion-post-content-container\"><p>S\u00daC TTSK v zmysle\u00a0 z\u00e1kona\u00a0 \u010d. 446\/2001 Z.z. zverej\u0148uje z\u00e1mer \u010d. 2\/2026 priameho pren\u00e1jmu majetku TTSK, v spr\u00e1ve Spr\u00e1vy a \u00fadr\u017eby ciest TTSK, ktor\u00fdm je \u010das\u0165 pozemku parc.reg. \u201eE\u201c parc.\u010d. 1446 ostatn\u00e1 plocha v\u00a0k.\u00fa. Kunov a\u00a0to \u010das\u0165 o\u00a0v\u00fdmere 330 m2 \u00a0a \u010das\u0165 telesa cesty III\/1150 v\u00a0kkm 2,020 \u2013 2,055. Minim\u00e1lna  [...]<\/p><\/div><\/div><div class=\"fusion-clearfix\"><\/div><div class=\"fusion-meta-info\"><div class=\"fusion-alignleft\"><span class=\"vcard\" style=\"display: none;\"><span class=\"fn\"><a href=\"https:\/\/www.spravaciest.sk\/hu\/author\/admin\/\" title=\"admin bejegyz\u00e9se\" rel=\"author\">admin<\/a><\/span><\/span><span class=\"updated\" style=\"display:none;\">2026-03-16T19:03:23+01:00<\/span><span>m\u00e1rcius 16th, 2026<\/span><span class=\"fusion-inline-sep\">|<\/span><a href=\"https:\/\/www.spravaciest.sk\/hu\/category\/odpredaj-a-prenajom-majetku\/\" rel=\"category tag\">Odpredaj a pren\u00e1jom majetku<\/a><span class=\"fusion-inline-sep\">|<\/span><\/div><div class=\"fusion-alignright\"><a class=\"fusion-read-more\" href=\"https:\/\/www.spravaciest.sk\/hu\/2026\/03\/16\/zamer-c-2-2026\/\" aria-label=\"More on Z\u00e1mer \u010d.2\/2026\">Read More<\/a><\/div><\/div><\/article>\n<article id=\"blog-1-post-3944\" class=\"fusion-post-medium post-3944 post type-post status-publish format-standard has-post-thumbnail hentry category-aktuality\">\n\t<style type=\"text\/css\">\n\t\t\n\t\t\n\t\t\n\t\t\n\t\t\t<\/style>\n\n\n\t\t\t<div class=\"fusion-flexslider flexslider fusion-flexslider-loading fusion-post-slideshow\" style=\"\">\n\t\t<ul class=\"slides\">\n\t\t\t\n\t\t\t\t\t\t\t\t\t\t\t\t\t\t<li><div  class=\"fusion-image-wrapper fusion-image-size-fixed\" aria-haspopup=\"true\">\n\t\t\t\t\t\t\t<a href=\"https:\/\/www.spravaciest.sk\/hu\/2026\/03\/10\/prva-cestarska-konferencia-mala-uspech\/\" aria-label=\"Prv\u00e1 cest\u00e1rska konferencia mala \u00faspech\u00a0\">\n\t\t\t\t\t\t\t<img decoding=\"async\" width=\"320\" height=\"202\" src=\"https:\/\/www.spravaciest.sk\/wp-content\/uploads\/2026\/03\/Image-e1773161951733-320x202.jpg\" class=\"attachment-blog-medium size-blog-medium lazyload wp-post-image\" alt=\"\" srcset=\"data:image\/svg+xml,%3Csvg%20xmlns%3D%27http%3A%2F%2Fwww.w3.org%2F2000%2Fsvg%27%20width%3D%271024%27%20height%3D%27657%27%20viewBox%3D%270%200%201024%20657%27%3E%3Crect%20width%3D%271024%27%20height%3D%27657%27%20fill-opacity%3D%220%22%2F%3E%3C%2Fsvg%3E\" data-orig-src=\"https:\/\/www.spravaciest.sk\/wp-content\/uploads\/2026\/03\/Image-e1773161951733-320x202.jpg\" data-srcset=\"https:\/\/www.spravaciest.sk\/wp-content\/uploads\/2026\/03\/Image-e1773161951733-18x12.jpg 18w, https:\/\/www.spravaciest.sk\/wp-content\/uploads\/2026\/03\/Image-e1773161951733-320x202.jpg 320w, https:\/\/www.spravaciest.sk\/wp-content\/uploads\/2026\/03\/Image-e1773161951733-700x441.jpg 700w\" data-sizes=\"auto\" \/>\t\t\t<\/a>\n\t\t\t\t\t\t\t<\/div>\n<\/li>\n\t\t\t\n\t\t\t\n\t\t\t\t\t\t\t\t\t\t\t\t\t\t\t\t\t\t\t\t\t\t\t\t\t\t\t\t\t\t\t\t\t\t\t\t\t\t\t\t\t\t\t\t\t\t\t\t\t\t\t\t\t\t\t\t\t\t\t\t\t\t\t\t\t\t\t\t<\/ul>\n\t<\/div>\n\t<div class=\"fusion-post-content post-content\"><h2 class=\"blog-shortcode-post-title entry-title\"><a href=\"https:\/\/www.spravaciest.sk\/hu\/2026\/03\/10\/prva-cestarska-konferencia-mala-uspech\/\">Prv\u00e1 cest\u00e1rska konferencia mala \u00faspech\u00a0<\/a><\/h2><div class=\"fusion-post-content-container\"><p>Nult\u00fd ro\u010dn\u00edk \u017dupnej konferencie cest\u00e1rov sa v z\u00e1vere minul\u00e9ho roka konal v Dolnom Kub\u00edne, kde sa akt\u00edvne z\u00fa\u010dastnili aj zamestnanci Spr\u00e1vy a \u00fadr\u017eby ciest TTSK. Cie\u013eom podujatia bolo prezentova\u0165 odborn\u00e9 t\u00e9my, ale aj obozn\u00e1mi\u0165 sa s najnov\u0161ou cest\u00e1rskou technikou. S\u00fa\u010das\u0165ou konferencie bola praktick\u00e1 prehliadka pracovnej techniky a spolo\u010densk\u00fd program vr\u00e1tane  [...]<\/p><\/div><\/div><div class=\"fusion-clearfix\"><\/div><div class=\"fusion-meta-info\"><div class=\"fusion-alignleft\"><span class=\"vcard\" style=\"display: none;\"><span class=\"fn\"><a href=\"https:\/\/www.spravaciest.sk\/hu\/author\/lukas-zachar\/\" title=\"Luk\u00e1\u0161 Zachar bejegyz\u00e9se\" rel=\"author\">Luk\u00e1\u0161 Zachar<\/a><\/span><\/span><span class=\"updated\" style=\"display:none;\">2026-03-10T18:38:59+01:00<\/span><span>m\u00e1rcius 10th, 2026<\/span><span class=\"fusion-inline-sep\">|<\/span><a href=\"https:\/\/www.spravaciest.sk\/hu\/category\/aktuality\/\" rel=\"category tag\">Aktuality<\/a><span class=\"fusion-inline-sep\">|<\/span><\/div><div class=\"fusion-alignright\"><a class=\"fusion-read-more\" href=\"https:\/\/www.spravaciest.sk\/hu\/2026\/03\/10\/prva-cestarska-konferencia-mala-uspech\/\" aria-label=\"More on Prv\u00e1 cest\u00e1rska konferencia mala \u00faspech\u00a0\">Read More<\/a><\/div><\/div><\/article>\n<article id=\"blog-1-post-3937\" class=\"fusion-post-medium post-3937 post type-post status-publish format-standard has-post-thumbnail hentry category-aktuality tag-pocasie tag-smart-udrzba-ciest tag-suc tag-suc-ttsk tag-ttsk tag-weather\">\n\t<style type=\"text\/css\">\n\t\t\n\t\t\n\t\t\n\t\t\n\t\t\t<\/style>\n\n\n\t\t\t<div class=\"fusion-flexslider flexslider fusion-flexslider-loading fusion-post-slideshow\" style=\"\">\n\t\t<ul class=\"slides\">\n\t\t\t\n\t\t\t\t\t\t\t\t\t\t\t\t\t\t<li><div  class=\"fusion-image-wrapper fusion-image-size-fixed\" aria-haspopup=\"true\">\n\t\t\t\t\t\t\t<a href=\"https:\/\/www.spravaciest.sk\/hu\/2026\/03\/10\/pocasie-ovplyvnit-nevieme-no-mame-ho-v-merku\/\" aria-label=\"Po\u010dasie ovplyvni\u0165 nevieme, no m\u00e1me ho v merku\u00a0\">\n\t\t\t\t\t\t\t<img decoding=\"async\" width=\"320\" height=\"202\" src=\"https:\/\/www.spravaciest.sk\/wp-content\/uploads\/2026\/03\/rainy-day-car-window-scaled-e1773160475486-320x202.jpg\" class=\"attachment-blog-medium size-blog-medium lazyload wp-post-image\" alt=\"\" srcset=\"data:image\/svg+xml,%3Csvg%20xmlns%3D%27http%3A%2F%2Fwww.w3.org%2F2000%2Fsvg%27%20width%3D%272560%27%20height%3D%271230%27%20viewBox%3D%270%200%202560%201230%27%3E%3Crect%20width%3D%272560%27%20height%3D%271230%27%20fill-opacity%3D%220%22%2F%3E%3C%2Fsvg%3E\" data-orig-src=\"https:\/\/www.spravaciest.sk\/wp-content\/uploads\/2026\/03\/rainy-day-car-window-scaled-e1773160475486-320x202.jpg\" data-srcset=\"https:\/\/www.spravaciest.sk\/wp-content\/uploads\/2026\/03\/rainy-day-car-window-scaled-e1773160475486-320x202.jpg 320w, https:\/\/www.spravaciest.sk\/wp-content\/uploads\/2026\/03\/rainy-day-car-window-scaled-e1773160475486-700x441.jpg 700w\" data-sizes=\"auto\" \/>\t\t\t<\/a>\n\t\t\t\t\t\t\t<\/div>\n<\/li>\n\t\t\t\n\t\t\t\n\t\t\t\t\t\t\t\t\t\t\t\t\t\t\t\t\t\t\t\t\t\t\t\t\t\t\t\t\t\t\t\t\t\t\t\t\t\t\t\t\t\t\t\t\t\t\t\t\t\t\t\t\t\t\t\t\t\t\t\t\t\t\t\t\t\t\t\t<\/ul>\n\t<\/div>\n\t<div class=\"fusion-post-content post-content\"><h2 class=\"blog-shortcode-post-title entry-title\"><a href=\"https:\/\/www.spravaciest.sk\/hu\/2026\/03\/10\/pocasie-ovplyvnit-nevieme-no-mame-ho-v-merku\/\">Po\u010dasie ovplyvni\u0165 nevieme, no m\u00e1me ho v merku\u00a0<\/a><\/h2><div class=\"fusion-post-content-container\"><p>Po\u010dasie je pri\u202fspr\u00e1ve ciest jeden z\u202fnajv\u00fdznamnej\u0161\u00edch faktorov, ktor\u00e9 nie je mo\u017en\u00e9 ovplyvni\u0165, no je nutn\u00e9 bra\u0165 pri v\u00fdkone slu\u017eby do \u00favahy. Ke\u010f\u017ee po\u010dasie nevieme ovplyvni\u0165 je potrebn\u00e9 ho \u010do najpresnej\u0161ie monitorova\u0165. Preto sme sa rozhodli zaradi\u0165 na stredisk\u00e1 S\u00daC TTSK meteostanice, ktor\u00e9 sl\u00fa\u017eia na presn\u00e9 lok\u00e1lne meranie po\u010dasia. D\u00e1ta z  [...]<\/p><\/div><\/div><div class=\"fusion-clearfix\"><\/div><div class=\"fusion-meta-info\"><div class=\"fusion-alignleft\"><span class=\"vcard\" style=\"display: none;\"><span class=\"fn\"><a href=\"https:\/\/www.spravaciest.sk\/hu\/author\/lukas-zachar\/\" title=\"Luk\u00e1\u0161 Zachar bejegyz\u00e9se\" rel=\"author\">Luk\u00e1\u0161 Zachar<\/a><\/span><\/span><span class=\"updated\" style=\"display:none;\">2026-03-10T18:40:32+01:00<\/span><span>m\u00e1rcius 10th, 2026<\/span><span class=\"fusion-inline-sep\">|<\/span><a href=\"https:\/\/www.spravaciest.sk\/hu\/category\/aktuality\/\" rel=\"category tag\">Aktuality<\/a><span class=\"fusion-inline-sep\">|<\/span><\/div><div class=\"fusion-alignright\"><a class=\"fusion-read-more\" href=\"https:\/\/www.spravaciest.sk\/hu\/2026\/03\/10\/pocasie-ovplyvnit-nevieme-no-mame-ho-v-merku\/\" aria-label=\"More on Po\u010dasie ovplyvni\u0165 nevieme, no m\u00e1me ho v merku\u00a0\">Read More<\/a><\/div><\/div><\/article>\n<article id=\"blog-1-post-3919\" class=\"fusion-post-medium post-3919 post type-post status-publish format-standard has-post-thumbnail hentry category-eko tag-eko tag-ekologia tag-ekologicke tag-electric-car tag-elektromobil tag-energia tag-enviro tag-green tag-suc tag-suc-ttsk tag-ttsk\">\n\t<style type=\"text\/css\">\n\t\t\n\t\t\n\t\t\n\t\t\n\t\t\t<\/style>\n\n\n\t\t\t<div class=\"fusion-flexslider flexslider fusion-flexslider-loading fusion-post-slideshow\" style=\"\">\n\t\t<ul class=\"slides\">\n\t\t\t\n\t\t\t\t\t\t\t\t\t\t\t\t\t\t<li><div  class=\"fusion-image-wrapper fusion-image-size-fixed\" aria-haspopup=\"true\">\n\t\t\t\t\t\t\t<a href=\"https:\/\/www.spravaciest.sk\/hu\/2026\/03\/10\/elektromobilita-v-sprave-a-udrzbe-ciest-ttsk\/\" aria-label=\"Elektromobilita v Spr\u00e1ve a \u00fadr\u017ebe ciest TTSK\u00a0\">\n\t\t\t\t\t\t\t<img decoding=\"async\" width=\"320\" height=\"202\" src=\"https:\/\/www.spravaciest.sk\/wp-content\/uploads\/2026\/03\/close-up-electric-car-charging-scaled-e1773146397309-320x202.jpg\" class=\"attachment-blog-medium size-blog-medium lazyload wp-post-image\" alt=\"\" srcset=\"data:image\/svg+xml,%3Csvg%20xmlns%3D%27http%3A%2F%2Fwww.w3.org%2F2000%2Fsvg%27%20width%3D%272560%27%20height%3D%271270%27%20viewBox%3D%270%200%202560%201270%27%3E%3Crect%20width%3D%272560%27%20height%3D%271270%27%20fill-opacity%3D%220%22%2F%3E%3C%2Fsvg%3E\" data-orig-src=\"https:\/\/www.spravaciest.sk\/wp-content\/uploads\/2026\/03\/close-up-electric-car-charging-scaled-e1773146397309-320x202.jpg\" data-srcset=\"https:\/\/www.spravaciest.sk\/wp-content\/uploads\/2026\/03\/close-up-electric-car-charging-scaled-e1773146397309-320x202.jpg 320w, https:\/\/www.spravaciest.sk\/wp-content\/uploads\/2026\/03\/close-up-electric-car-charging-scaled-e1773146397309-700x441.jpg 700w\" data-sizes=\"auto\" \/>\t\t\t<\/a>\n\t\t\t\t\t\t\t<\/div>\n<\/li>\n\t\t\t\n\t\t\t\n\t\t\t\t\t\t\t\t\t\t\t\t\t\t\t\t\t\t\t\t\t\t\t\t\t\t\t\t\t\t\t\t\t\t\t\t\t\t\t\t\t\t\t\t\t\t\t\t\t\t\t\t\t\t\t\t\t\t\t\t\t\t\t\t\t\t\t\t<\/ul>\n\t<\/div>\n\t<div class=\"fusion-post-content post-content\"><h2 class=\"blog-shortcode-post-title entry-title\"><a href=\"https:\/\/www.spravaciest.sk\/hu\/2026\/03\/10\/elektromobilita-v-sprave-a-udrzbe-ciest-ttsk\/\">Elektromobilita v Spr\u00e1ve a \u00fadr\u017ebe ciest TTSK\u00a0<\/a><\/h2><div class=\"fusion-post-content-container\"><p>Na konferencie eFleet Day 2025, ktor\u00e1 sa konala v z\u00e1vere minul\u00e9ho roka, sme nahliadli do aktu\u00e1lnych trendov elektromobility. Prezent\u00e1cie pon\u00fakli pr\u00edstupy k budovaniu infra\u0161trukt\u00fary nab\u00edjac\u00edch stan\u00edc, portf\u00f3lio osobn\u00fdch i n\u00e1kladn\u00fdch elektrovozidiel, ako aj re\u00e1lne sk\u00fasenosti v\u00fdrobcov a predajcov. Odborn\u00edci upozornili, \u017ee ambici\u00f3zne pl\u00e1ny E\u00da na uhl\u00edkov\u00fa neutralitu do roku 2030  [...]<\/p><\/div><\/div><div class=\"fusion-clearfix\"><\/div><div class=\"fusion-meta-info\"><div class=\"fusion-alignleft\"><span class=\"vcard\" style=\"display: none;\"><span class=\"fn\"><a href=\"https:\/\/www.spravaciest.sk\/hu\/author\/lukas-zachar\/\" title=\"Luk\u00e1\u0161 Zachar bejegyz\u00e9se\" rel=\"author\">Luk\u00e1\u0161 Zachar<\/a><\/span><\/span><span class=\"updated\" style=\"display:none;\">2026-03-10T14:45:38+01:00<\/span><span>m\u00e1rcius 10th, 2026<\/span><span class=\"fusion-inline-sep\">|<\/span><a href=\"https:\/\/www.spravaciest.sk\/hu\/category\/eko\/\" rel=\"category tag\">EKO<\/a><span class=\"fusion-inline-sep\">|<\/span><\/div><div class=\"fusion-alignright\"><a class=\"fusion-read-more\" href=\"https:\/\/www.spravaciest.sk\/hu\/2026\/03\/10\/elektromobilita-v-sprave-a-udrzbe-ciest-ttsk\/\" aria-label=\"More on Elektromobilita v Spr\u00e1ve a \u00fadr\u017ebe ciest TTSK\u00a0\">Read More<\/a><\/div><\/div><\/article>\n<\/div><\/div><div class=\"fusion-alignright\"><a class=\"fusion-button button-flat button-small button-default fusion-button-default button-2 fusion-button-default-span fusion-button-default-type\" style=\"--button-border-radius-top-left:3px;--button-border-radius-top-right:3px;--button-border-radius-bottom-right:3px;--button-border-radius-bottom-left:3px;\" target=\"_self\" href=\"https:\/\/www.spravaciest.sk\/news\/\"><span class=\"fusion-button-text awb-button__text awb-button__text--default\">Viac \u010dl\u00e1nkov &#8230;<\/span><\/a><\/div><div class=\"fusion-clearfix\"><\/div><\/div><\/div><\/div><\/div>\n","protected":false},"excerpt":{"rendered":"","protected":false},"author":1,"featured_media":0,"parent":0,"menu_order":1,"comment_status":"closed","ping_status":"closed","template":"","meta":{"_monsterinsights_skip_tracking":false,"_monsterinsights_sitenote_active":false,"_monsterinsights_sitenote_note":"","_monsterinsights_sitenote_category":0,"footnotes":""},"class_list":["post-6","page","type-page","status-publish","hentry"],"_links":{"self":[{"href":"https:\/\/www.spravaciest.sk\/hu\/wp-json\/wp\/v2\/pages\/6","targetHints":{"allow":["GET"]}}],"collection":[{"href":"https:\/\/www.spravaciest.sk\/hu\/wp-json\/wp\/v2\/pages"}],"about":[{"href":"https:\/\/www.spravaciest.sk\/hu\/wp-json\/wp\/v2\/types\/page"}],"author":[{"embeddable":true,"href":"https:\/\/www.spravaciest.sk\/hu\/wp-json\/wp\/v2\/users\/1"}],"replies":[{"embeddable":true,"href":"https:\/\/www.spravaciest.sk\/hu\/wp-json\/wp\/v2\/comments?post=6"}],"version-history":[{"count":3,"href":"https:\/\/www.spravaciest.sk\/hu\/wp-json\/wp\/v2\/pages\/6\/revisions"}],"predecessor-version":[{"id":3476,"href":"https:\/\/www.spravaciest.sk\/hu\/wp-json\/wp\/v2\/pages\/6\/revisions\/3476"}],"wp:attachment":[{"href":"https:\/\/www.spravaciest.sk\/hu\/wp-json\/wp\/v2\/media?parent=6"}],"curies":[{"name":"wp","href":"https:\/\/api.w.org\/{rel}","templated":true}]}}